{"id":98,"date":"2016-01-02T16:57:57","date_gmt":"2016-01-02T16:57:57","guid":{"rendered":"http:\/\/werbegemeinschaft-schnaittach.de\/?page_id=98"},"modified":"2025-12-09T18:46:33","modified_gmt":"2025-12-09T18:46:33","slug":"adventsmarkt","status":"publish","type":"page","link":"https:\/\/werbegemeinschaft-schnaittach.de\/?page_id=98","title":{"rendered":"Adventsmarkt 2025"},"content":{"rendered":"\n<p><strong>Programminformationen<\/strong><\/p>\n\n\n\n<p><strong>Sonntag den 07.12. \/ 2.Advent<\/strong><\/p>\n\n\n\n<p>14:00 Er\u00f6ffnung des Adventsmarktes durch 1. B\u00fcrgermeister Frank Pitterlein<\/p>\n\n\n\n<p>es spielt dazu der Jugendspielmannszug aus Lauf<\/p>\n\n\n\n<p>16:30 Uhr Der Nikolaus besucht den Markt<\/p>\n\n\n\n<p>17:00 Uhr Konzert der Chorgemeinschaft Schnaittach<\/p>\n\n\n\n<p><strong>Sonntag den 14.12. \/ 3.Advent<\/strong><\/p>\n\n\n\n<p>15:00 Uhr Darbietung der Sing- und Musikschule Schnaittach<\/p>\n\n\n\n<p>15:30 Uhr Kindertanzgruppe Move2fit zeigt ihr K\u00f6nnen<\/p>\n\n\n\n<p>16:30 Uhr Das Schnaittacher Christkind kommt zu Besuch<\/p>\n\n\n\n<p>17:00 Konzert des Ottensooser Posaunenchores<\/p>\n\n\n\n<p><strong>Sonntag den 21.12. \/ 4.Advent<\/strong><\/p>\n\n\n\n<p>14:00 Uhr Linedancegruppe des SCR-Schnaittach<\/p>\n\n\n\n<p>15:30 Uhr Tanzgruppe LetzFetz der Elterngemeinschaft<\/p>\n\n\n\n<p>16:30 letzte Wunschzettelaktion durch das Schnaittacher Christkind<\/p>\n\n\n\n<p>17:00 Uhr Konzert des Schnaittacher Posaunenchores<\/p>\n\n\n\n<p><\/p>\n\n\n\n<p>&#8212;&#8212;&#8212;&#8212;&#8212;&#8212;&#8212;&#8212;&#8212;&#8212;&#8212;&#8212;&#8212;&#8212;&#8212;&#8212;&#8212;&#8212;&#8212;&#8212;&#8212;&#8212;&#8212;&#8212;&#8212;&#8212;&#8212;&#8212;&#8212;&#8212;&#8212;&#8212;&#8212;&#8212;&#8212;&#8212;&#8211;<\/p>\n\n\n\n<p>Hier ein paar Impressionen vom gut besuchten Adventsmarkt 2024.<\/p>\n\n\n\n<p>Herzlichen Dank an alle Austeller, beteiligten Gruppen und nat\u00fcrlich die zahlreichen G\u00e4ste die, die 3 Sonntage zu einem tollen Erfolg werden lie\u00dfen.  <\/p>\n\n\n\n\n\n<div class=\"ngg-galleryoverview ngg-slideshow\"\n\t id=\"ngg-slideshow-ca9841a6df05805f1cfab7149b5d9ae9-10999646010\"\n     data-gallery-id=\"ca9841a6df05805f1cfab7149b5d9ae9\"\n     style=\"max-width: 750px; max-height: 500px;\">\n\n \t<div id=\"ngg-image-0\" class=\"ngg-gallery-slideshow-image\" style=\"height:500px\">\n\n        <a href=\"https:\/\/werbegemeinschaft-schnaittach.de\/wp-content\/gallery\/adventsmarkt_2024\/IMG_0709.jpg\"\n           title=\"\"\n           data-src=\"https:\/\/werbegemeinschaft-schnaittach.de\/wp-content\/gallery\/adventsmarkt_2024\/IMG_0709.jpg\"\n           data-thumbnail=\"https:\/\/werbegemeinschaft-schnaittach.de\/wp-content\/gallery\/adventsmarkt_2024\/thumbs\/thumbs_IMG_0709.jpg\"\n           data-image-id=\"144\"\n           data-title=\"IMG_0709\"\n           data-description=\"\"\n           class=\"ngg-simplelightbox\" rel=\"ca9841a6df05805f1cfab7149b5d9ae9\">\n\n            <img data-image-id='144'\n                 title=\"\"\n                 alt=\"IMG_0709\"\n                 src=\"https:\/\/werbegemeinschaft-schnaittach.de\/wp-content\/gallery\/adventsmarkt_2024\/IMG_0709.jpg\"\n                 style=\"max-height: 480px;\"\/>\n        <\/a>\n\n        <\/div> \n<div id=\"ngg-image-1\" class=\"ngg-gallery-slideshow-image\" style=\"height:500px\">\n\n        <a href=\"https:\/\/werbegemeinschaft-schnaittach.de\/wp-content\/gallery\/adventsmarkt_2024\/IMG_0705.jpg\"\n           title=\"\"\n           data-src=\"https:\/\/werbegemeinschaft-schnaittach.de\/wp-content\/gallery\/adventsmarkt_2024\/IMG_0705.jpg\"\n           data-thumbnail=\"https:\/\/werbegemeinschaft-schnaittach.de\/wp-content\/gallery\/adventsmarkt_2024\/thumbs\/thumbs_IMG_0705.jpg\"\n           data-image-id=\"145\"\n           data-title=\"IMG_0705\"\n           data-description=\"\"\n           class=\"ngg-simplelightbox\" rel=\"ca9841a6df05805f1cfab7149b5d9ae9\">\n\n            <img data-image-id='145'\n                 title=\"\"\n                 alt=\"IMG_0705\"\n                 src=\"https:\/\/werbegemeinschaft-schnaittach.de\/wp-content\/gallery\/adventsmarkt_2024\/IMG_0705.jpg\"\n                 style=\"max-height: 480px;\"\/>\n        <\/a>\n\n        <\/div> \n<div id=\"ngg-image-2\" class=\"ngg-gallery-slideshow-image\" style=\"height:500px\">\n\n        <a href=\"https:\/\/werbegemeinschaft-schnaittach.de\/wp-content\/gallery\/adventsmarkt_2024\/IMG_0760.jpg\"\n           title=\"\"\n           data-src=\"https:\/\/werbegemeinschaft-schnaittach.de\/wp-content\/gallery\/adventsmarkt_2024\/IMG_0760.jpg\"\n           data-thumbnail=\"https:\/\/werbegemeinschaft-schnaittach.de\/wp-content\/gallery\/adventsmarkt_2024\/thumbs\/thumbs_IMG_0760.jpg\"\n           data-image-id=\"146\"\n           data-title=\"IMG_0760\"\n           data-description=\"\"\n           class=\"ngg-simplelightbox\" rel=\"ca9841a6df05805f1cfab7149b5d9ae9\">\n\n            <img data-image-id='146'\n                 title=\"\"\n                 alt=\"IMG_0760\"\n                 src=\"https:\/\/werbegemeinschaft-schnaittach.de\/wp-content\/gallery\/adventsmarkt_2024\/IMG_0760.jpg\"\n                 style=\"max-height: 480px;\"\/>\n        <\/a>\n\n        <\/div> \n<div id=\"ngg-image-3\" class=\"ngg-gallery-slideshow-image\" style=\"height:500px\">\n\n        <a href=\"https:\/\/werbegemeinschaft-schnaittach.de\/wp-content\/gallery\/adventsmarkt_2024\/IMG_0708.jpg\"\n           title=\"\"\n           data-src=\"https:\/\/werbegemeinschaft-schnaittach.de\/wp-content\/gallery\/adventsmarkt_2024\/IMG_0708.jpg\"\n           data-thumbnail=\"https:\/\/werbegemeinschaft-schnaittach.de\/wp-content\/gallery\/adventsmarkt_2024\/thumbs\/thumbs_IMG_0708.jpg\"\n           data-image-id=\"147\"\n           data-title=\"IMG_0708\"\n           data-description=\"\"\n           class=\"ngg-simplelightbox\" rel=\"ca9841a6df05805f1cfab7149b5d9ae9\">\n\n            <img data-image-id='147'\n                 title=\"\"\n                 alt=\"IMG_0708\"\n                 src=\"https:\/\/werbegemeinschaft-schnaittach.de\/wp-content\/gallery\/adventsmarkt_2024\/IMG_0708.jpg\"\n                 style=\"max-height: 480px;\"\/>\n        <\/a>\n\n        <\/div> \n<div id=\"ngg-image-4\" class=\"ngg-gallery-slideshow-image\" style=\"height:500px\">\n\n        <a href=\"https:\/\/werbegemeinschaft-schnaittach.de\/wp-content\/gallery\/adventsmarkt_2024\/IMG_0756.jpg\"\n           title=\"\"\n           data-src=\"https:\/\/werbegemeinschaft-schnaittach.de\/wp-content\/gallery\/adventsmarkt_2024\/IMG_0756.jpg\"\n           data-thumbnail=\"https:\/\/werbegemeinschaft-schnaittach.de\/wp-content\/gallery\/adventsmarkt_2024\/thumbs\/thumbs_IMG_0756.jpg\"\n           data-image-id=\"148\"\n           data-title=\"IMG_0756\"\n           data-description=\"\"\n           class=\"ngg-simplelightbox\" rel=\"ca9841a6df05805f1cfab7149b5d9ae9\">\n\n            <img data-image-id='148'\n                 title=\"\"\n                 alt=\"IMG_0756\"\n                 src=\"https:\/\/werbegemeinschaft-schnaittach.de\/wp-content\/gallery\/adventsmarkt_2024\/IMG_0756.jpg\"\n                 style=\"max-height: 480px;\"\/>\n        <\/a>\n\n        <\/div> \n<div id=\"ngg-image-5\" class=\"ngg-gallery-slideshow-image\" style=\"height:500px\">\n\n        <a href=\"https:\/\/werbegemeinschaft-schnaittach.de\/wp-content\/gallery\/adventsmarkt_2024\/IMG_0755.jpg\"\n           title=\"\"\n           data-src=\"https:\/\/werbegemeinschaft-schnaittach.de\/wp-content\/gallery\/adventsmarkt_2024\/IMG_0755.jpg\"\n           data-thumbnail=\"https:\/\/werbegemeinschaft-schnaittach.de\/wp-content\/gallery\/adventsmarkt_2024\/thumbs\/thumbs_IMG_0755.jpg\"\n           data-image-id=\"149\"\n           data-title=\"IMG_0755\"\n           data-description=\"\"\n           class=\"ngg-simplelightbox\" rel=\"ca9841a6df05805f1cfab7149b5d9ae9\">\n\n            <img data-image-id='149'\n                 title=\"\"\n                 alt=\"IMG_0755\"\n                 src=\"https:\/\/werbegemeinschaft-schnaittach.de\/wp-content\/gallery\/adventsmarkt_2024\/IMG_0755.jpg\"\n                 style=\"max-height: 480px;\"\/>\n        <\/a>\n\n        <\/div> \n<div id=\"ngg-image-6\" class=\"ngg-gallery-slideshow-image\" style=\"height:500px\">\n\n        <a href=\"https:\/\/werbegemeinschaft-schnaittach.de\/wp-content\/gallery\/adventsmarkt_2024\/IMG_0766.jpg\"\n           title=\"\"\n           data-src=\"https:\/\/werbegemeinschaft-schnaittach.de\/wp-content\/gallery\/adventsmarkt_2024\/IMG_0766.jpg\"\n           data-thumbnail=\"https:\/\/werbegemeinschaft-schnaittach.de\/wp-content\/gallery\/adventsmarkt_2024\/thumbs\/thumbs_IMG_0766.jpg\"\n           data-image-id=\"150\"\n           data-title=\"IMG_0766\"\n           data-description=\"\"\n           class=\"ngg-simplelightbox\" rel=\"ca9841a6df05805f1cfab7149b5d9ae9\">\n\n            <img data-image-id='150'\n                 title=\"\"\n                 alt=\"IMG_0766\"\n                 src=\"https:\/\/werbegemeinschaft-schnaittach.de\/wp-content\/gallery\/adventsmarkt_2024\/IMG_0766.jpg\"\n                 style=\"max-height: 480px;\"\/>\n        <\/a>\n\n        <\/div> \n<div id=\"ngg-image-7\" class=\"ngg-gallery-slideshow-image\" style=\"height:500px\">\n\n        <a href=\"https:\/\/werbegemeinschaft-schnaittach.de\/wp-content\/gallery\/adventsmarkt_2024\/IMG_0768.jpg\"\n           title=\"\"\n           data-src=\"https:\/\/werbegemeinschaft-schnaittach.de\/wp-content\/gallery\/adventsmarkt_2024\/IMG_0768.jpg\"\n           data-thumbnail=\"https:\/\/werbegemeinschaft-schnaittach.de\/wp-content\/gallery\/adventsmarkt_2024\/thumbs\/thumbs_IMG_0768.jpg\"\n           data-image-id=\"151\"\n           data-title=\"IMG_0768\"\n           data-description=\"\"\n           class=\"ngg-simplelightbox\" rel=\"ca9841a6df05805f1cfab7149b5d9ae9\">\n\n            <img data-image-id='151'\n                 title=\"\"\n                 alt=\"IMG_0768\"\n                 src=\"https:\/\/werbegemeinschaft-schnaittach.de\/wp-content\/gallery\/adventsmarkt_2024\/IMG_0768.jpg\"\n                 style=\"max-height: 480px;\"\/>\n        <\/a>\n\n        <\/div> \n<div id=\"ngg-image-8\" class=\"ngg-gallery-slideshow-image\" style=\"height:500px\">\n\n        <a href=\"https:\/\/werbegemeinschaft-schnaittach.de\/wp-content\/gallery\/adventsmarkt_2024\/1_IMG_0709.jpg\"\n           title=\"\"\n           data-src=\"https:\/\/werbegemeinschaft-schnaittach.de\/wp-content\/gallery\/adventsmarkt_2024\/1_IMG_0709.jpg\"\n           data-thumbnail=\"https:\/\/werbegemeinschaft-schnaittach.de\/wp-content\/gallery\/adventsmarkt_2024\/thumbs\/thumbs_1_IMG_0709.jpg\"\n           data-image-id=\"152\"\n           data-title=\"1_IMG_0709\"\n           data-description=\"\"\n           class=\"ngg-simplelightbox\" rel=\"ca9841a6df05805f1cfab7149b5d9ae9\">\n\n            <img data-image-id='152'\n                 title=\"\"\n                 alt=\"1_IMG_0709\"\n                 src=\"https:\/\/werbegemeinschaft-schnaittach.de\/wp-content\/gallery\/adventsmarkt_2024\/1_IMG_0709.jpg\"\n                 style=\"max-height: 480px;\"\/>\n        <\/a>\n\n        <\/div> \n<div id=\"ngg-image-9\" class=\"ngg-gallery-slideshow-image\" style=\"height:500px\">\n\n        <a href=\"https:\/\/werbegemeinschaft-schnaittach.de\/wp-content\/gallery\/adventsmarkt_2024\/1_IMG_0705.jpg\"\n           title=\"\"\n           data-src=\"https:\/\/werbegemeinschaft-schnaittach.de\/wp-content\/gallery\/adventsmarkt_2024\/1_IMG_0705.jpg\"\n           data-thumbnail=\"https:\/\/werbegemeinschaft-schnaittach.de\/wp-content\/gallery\/adventsmarkt_2024\/thumbs\/thumbs_1_IMG_0705.jpg\"\n           data-image-id=\"153\"\n           data-title=\"1_IMG_0705\"\n           data-description=\"\"\n           class=\"ngg-simplelightbox\" rel=\"ca9841a6df05805f1cfab7149b5d9ae9\">\n\n            <img data-image-id='153'\n                 title=\"\"\n                 alt=\"1_IMG_0705\"\n                 src=\"https:\/\/werbegemeinschaft-schnaittach.de\/wp-content\/gallery\/adventsmarkt_2024\/1_IMG_0705.jpg\"\n                 style=\"max-height: 480px;\"\/>\n        <\/a>\n\n        <\/div> \n<div id=\"ngg-image-10\" class=\"ngg-gallery-slideshow-image\" style=\"height:500px\">\n\n        <a href=\"https:\/\/werbegemeinschaft-schnaittach.de\/wp-content\/gallery\/adventsmarkt_2024\/1_IMG_0760.jpg\"\n           title=\"\"\n           data-src=\"https:\/\/werbegemeinschaft-schnaittach.de\/wp-content\/gallery\/adventsmarkt_2024\/1_IMG_0760.jpg\"\n           data-thumbnail=\"https:\/\/werbegemeinschaft-schnaittach.de\/wp-content\/gallery\/adventsmarkt_2024\/thumbs\/thumbs_1_IMG_0760.jpg\"\n           data-image-id=\"154\"\n           data-title=\"1_IMG_0760\"\n           data-description=\"\"\n           class=\"ngg-simplelightbox\" rel=\"ca9841a6df05805f1cfab7149b5d9ae9\">\n\n            <img data-image-id='154'\n                 title=\"\"\n                 alt=\"1_IMG_0760\"\n                 src=\"https:\/\/werbegemeinschaft-schnaittach.de\/wp-content\/gallery\/adventsmarkt_2024\/1_IMG_0760.jpg\"\n                 style=\"max-height: 480px;\"\/>\n        <\/a>\n\n        <\/div> \n<div id=\"ngg-image-11\" class=\"ngg-gallery-slideshow-image\" style=\"height:500px\">\n\n        <a href=\"https:\/\/werbegemeinschaft-schnaittach.de\/wp-content\/gallery\/adventsmarkt_2024\/1_IMG_0708.jpg\"\n           title=\"\"\n           data-src=\"https:\/\/werbegemeinschaft-schnaittach.de\/wp-content\/gallery\/adventsmarkt_2024\/1_IMG_0708.jpg\"\n           data-thumbnail=\"https:\/\/werbegemeinschaft-schnaittach.de\/wp-content\/gallery\/adventsmarkt_2024\/thumbs\/thumbs_1_IMG_0708.jpg\"\n           data-image-id=\"155\"\n           data-title=\"1_IMG_0708\"\n           data-description=\"\"\n           class=\"ngg-simplelightbox\" rel=\"ca9841a6df05805f1cfab7149b5d9ae9\">\n\n            <img data-image-id='155'\n                 title=\"\"\n                 alt=\"1_IMG_0708\"\n                 src=\"https:\/\/werbegemeinschaft-schnaittach.de\/wp-content\/gallery\/adventsmarkt_2024\/1_IMG_0708.jpg\"\n                 style=\"max-height: 480px;\"\/>\n        <\/a>\n\n        <\/div> \n<div id=\"ngg-image-12\" class=\"ngg-gallery-slideshow-image\" style=\"height:500px\">\n\n        <a href=\"https:\/\/werbegemeinschaft-schnaittach.de\/wp-content\/gallery\/adventsmarkt_2024\/1_IMG_0756.jpg\"\n           title=\"\"\n           data-src=\"https:\/\/werbegemeinschaft-schnaittach.de\/wp-content\/gallery\/adventsmarkt_2024\/1_IMG_0756.jpg\"\n           data-thumbnail=\"https:\/\/werbegemeinschaft-schnaittach.de\/wp-content\/gallery\/adventsmarkt_2024\/thumbs\/thumbs_1_IMG_0756.jpg\"\n           data-image-id=\"156\"\n           data-title=\"1_IMG_0756\"\n           data-description=\"\"\n           class=\"ngg-simplelightbox\" rel=\"ca9841a6df05805f1cfab7149b5d9ae9\">\n\n            <img data-image-id='156'\n                 title=\"\"\n                 alt=\"1_IMG_0756\"\n                 src=\"https:\/\/werbegemeinschaft-schnaittach.de\/wp-content\/gallery\/adventsmarkt_2024\/1_IMG_0756.jpg\"\n                 style=\"max-height: 480px;\"\/>\n        <\/a>\n\n        <\/div> \n<div id=\"ngg-image-13\" class=\"ngg-gallery-slideshow-image\" style=\"height:500px\">\n\n        <a href=\"https:\/\/werbegemeinschaft-schnaittach.de\/wp-content\/gallery\/adventsmarkt_2024\/1_IMG_0755.jpg\"\n           title=\"\"\n           data-src=\"https:\/\/werbegemeinschaft-schnaittach.de\/wp-content\/gallery\/adventsmarkt_2024\/1_IMG_0755.jpg\"\n           data-thumbnail=\"https:\/\/werbegemeinschaft-schnaittach.de\/wp-content\/gallery\/adventsmarkt_2024\/thumbs\/thumbs_1_IMG_0755.jpg\"\n           data-image-id=\"157\"\n           data-title=\"1_IMG_0755\"\n           data-description=\"\"\n           class=\"ngg-simplelightbox\" rel=\"ca9841a6df05805f1cfab7149b5d9ae9\">\n\n            <img data-image-id='157'\n                 title=\"\"\n                 alt=\"1_IMG_0755\"\n                 src=\"https:\/\/werbegemeinschaft-schnaittach.de\/wp-content\/gallery\/adventsmarkt_2024\/1_IMG_0755.jpg\"\n                 style=\"max-height: 480px;\"\/>\n        <\/a>\n\n        <\/div> \n<div id=\"ngg-image-14\" class=\"ngg-gallery-slideshow-image\" style=\"height:500px\">\n\n        <a href=\"https:\/\/werbegemeinschaft-schnaittach.de\/wp-content\/gallery\/adventsmarkt_2024\/1_IMG_0766.jpg\"\n           title=\"\"\n           data-src=\"https:\/\/werbegemeinschaft-schnaittach.de\/wp-content\/gallery\/adventsmarkt_2024\/1_IMG_0766.jpg\"\n           data-thumbnail=\"https:\/\/werbegemeinschaft-schnaittach.de\/wp-content\/gallery\/adventsmarkt_2024\/thumbs\/thumbs_1_IMG_0766.jpg\"\n           data-image-id=\"158\"\n           data-title=\"1_IMG_0766\"\n           data-description=\"\"\n           class=\"ngg-simplelightbox\" rel=\"ca9841a6df05805f1cfab7149b5d9ae9\">\n\n            <img data-image-id='158'\n                 title=\"\"\n                 alt=\"1_IMG_0766\"\n                 src=\"https:\/\/werbegemeinschaft-schnaittach.de\/wp-content\/gallery\/adventsmarkt_2024\/1_IMG_0766.jpg\"\n                 style=\"max-height: 480px;\"\/>\n        <\/a>\n\n        <\/div> \n<div id=\"ngg-image-15\" class=\"ngg-gallery-slideshow-image\" style=\"height:500px\">\n\n        <a href=\"https:\/\/werbegemeinschaft-schnaittach.de\/wp-content\/gallery\/adventsmarkt_2024\/1_IMG_0768.jpg\"\n           title=\"\"\n           data-src=\"https:\/\/werbegemeinschaft-schnaittach.de\/wp-content\/gallery\/adventsmarkt_2024\/1_IMG_0768.jpg\"\n           data-thumbnail=\"https:\/\/werbegemeinschaft-schnaittach.de\/wp-content\/gallery\/adventsmarkt_2024\/thumbs\/thumbs_1_IMG_0768.jpg\"\n           data-image-id=\"159\"\n           data-title=\"1_IMG_0768\"\n           data-description=\"\"\n           class=\"ngg-simplelightbox\" rel=\"ca9841a6df05805f1cfab7149b5d9ae9\">\n\n            <img data-image-id='159'\n                 title=\"\"\n                 alt=\"1_IMG_0768\"\n                 src=\"https:\/\/werbegemeinschaft-schnaittach.de\/wp-content\/gallery\/adventsmarkt_2024\/1_IMG_0768.jpg\"\n                 style=\"max-height: 480px;\"\/>\n        <\/a>\n\n        <\/div> \n<\/div>\n\n\n\n\n\n\n\n<p><strong>Programm f\u00fcr 2024<\/strong><\/p>\n\n\n\n<p><strong>Sonntag den 22.12. \/ 4.Advent<\/strong><\/p>\n\n\n\n<p>15:30 Uhr Janet\u00b4S Tanzschule stellt sich vor<\/p>\n\n\n\n<p>16:30 Uhr Das Schnaittacher Christkind besucht nochmal den Adventsmarkt, letzte Gelegenheit Wunschzettel abzugeben<\/p>\n\n\n\n<p>17:00 Uhr Konzert evang. Posaunenchor Schnaittach<\/p>\n\n\n\n<p><strong>Sonntag den 15.12. \/ 3.Advent<\/strong><\/p>\n\n\n\n<p>14:00 Uhr &#8222;Die Haberloher&#8220; Musikzug TV1877 Lauf e.V. <\/p>\n\n\n\n<p>15:00 Uhr Sing- und Musikschule Schnaittach<\/p>\n\n\n\n<p>15:30 Uhr Die Tanzgruppe \u201eLetz Fetz\u201cder Elterngemeinschaft f\u00fcr Kinder &amp; Jugendliche<\/p>\n\n\n\n<p>16:30 Uhr Das Schnaittacher Christkind bittet die Kinder um Ihre Wunschzettel<\/p>\n\n\n\n<p>17:00 Uhr Konzert evang. Posaunenchor Ottensoos<\/p>\n\n\n\n<p><strong>Sonntag den 08.12. \/ 2.Advent<\/strong><\/p>\n\n\n\n<p>14:00 Uhr Begr\u00fc\u00dfung durch 1.B\u00fcrgermeister  Frank Pitterlein<\/p>\n\n\n\n<p>Laufer Jugendspielmannszug er\u00f6ffnet das Marktreiben<\/p>\n\n\n\n<p>16:00 Uhr Die Kindertanzgruppe Move 2fit zeigt ihr k\u00f6nnen<\/p>\n\n\n\n<p>16:30 Uhr Der Nikolaus kommt und bringt euch Geschenke mit<\/p>\n\n\n\n<p>  <\/p>\n\n\n\n<p><\/p>\n\n\n\n<figure class=\"wp-block-image size-full\"><img decoding=\"async\" loading=\"lazy\" width=\"600\" height=\"300\" src=\"https:\/\/werbegemeinschaft-schnaittach.de\/wp-content\/uploads\/2024\/10\/Wappen_schnaittach.png\" alt=\"\" class=\"wp-image-1119\" srcset=\"https:\/\/werbegemeinschaft-schnaittach.de\/wp-content\/uploads\/2024\/10\/Wappen_schnaittach.png 600w, https:\/\/werbegemeinschaft-schnaittach.de\/wp-content\/uploads\/2024\/10\/Wappen_schnaittach-300x150.png 300w\" sizes=\"(max-width: 600px) 100vw, 600px\" \/><\/figure>\n\n\n\n<p>&#8212;&#8212;&#8212;&#8212;&#8212;&#8212;&#8212;&#8212;&#8212;&#8212;&#8212;&#8212;&#8212;&#8212;&#8212;&#8212;&#8212;&#8212;&#8212;&#8212;&#8212;&#8212;&#8212;&#8212;&#8212;&#8212;&#8212;&#8212;&#8212;&#8212;&#8212;&#8212;&#8212;&#8212;&#8212;&#8212;&#8212;&#8212;&#8212;<\/p>\n\n\n\n<p><strong>Programm f\u00fcr 2023<\/strong><\/p>\n\n\n\n<p><strong>Sonntag, den 10.12. \/ 2. Advent<\/strong><\/p>\n\n\n\n<p>14:00 Uhr Begr\u00fc\u00dfung durch 1. B\u00fcrgermeister  Frank Pitterlein<\/p>\n\n\n\n<p>Laufer Jugendspielmannszug er\u00f6ffnet den Adventsmarkt<\/p>\n\n\n\n<p>15:30 Uhr Die Kindertanzgruppe Move 2fit zeigt ihr k\u00f6nnen<\/p>\n\n\n\n<p>16:30 Uhr Der Nikolaus besucht unseren Adventsmarkt und bringt euch Geschenke mit<\/p>\n\n\n\n<p>17:00 Uhr Konzert evang. Posaunenchor Osternohe<\/p>\n\n\n\n<p><strong>Sonntag, den 17.12.2023<\/strong> <strong>\/ 3.Advent<\/strong><\/p>\n\n\n\n<p>14:00 Uhr Chorgemeinschaft Schnaittach<\/p>\n\n\n\n<p>15:30 Uhr Janet\u00b4S Tanzschule stellt sich vor<\/p>\n\n\n\n<p>16:30 Uhr Das Schnaittacher Christkind bittet die Kinder um Ihre Wunschzettel<\/p>\n\n\n\n<p>17:00 Uhr Konzert evang. Posaunenchor Ottensoos<\/p>\n\n\n\n<p><strong>Samstag, den 23.12.2023 \/ 4.Advent<\/strong><\/p>\n\n\n\n<p>15:30 Uhr Die Tanzgruppe \u201eLetz Fetz\u201cder Elterngemeinschaft f\u00fcr Kinder &amp; Jugendliche<\/p>\n\n\n\n<p>16:30 Uhr Das Schnaittacher Christkind besucht nochmal den Adventsmarkt, letzte Gelegenheit Wunschzettel abzugeben<\/p>\n\n\n\n<p>18:00 Uhr Abschluss<\/p>\n","protected":false},"excerpt":{"rendered":"<p>Programminformationen Sonntag den 07.12. \/ 2.Advent 14:00 Er\u00f6ffnung des Adventsmarktes durch 1. B\u00fcrgermeister Frank Pitterlein es spielt dazu der Jugendspielmannszug aus Lauf 16:30 Uhr Der Nikolaus besucht den Markt 17:00 Uhr Konzert der Chorgemeinschaft Schnaittach Sonntag den 14.12. \/ 3.Advent &hellip; <a href=\"https:\/\/werbegemeinschaft-schnaittach.de\/?page_id=98\">Weiterlesen <span class=\"meta-nav\">&rarr;<\/span><\/a><\/p>\n","protected":false},"author":1,"featured_media":0,"parent":0,"menu_order":0,"comment_status":"closed","ping_status":"closed","template":"","meta":{"ngg_post_thumbnail":0},"_links":{"self":[{"href":"https:\/\/werbegemeinschaft-schnaittach.de\/index.php?rest_route=\/wp\/v2\/pages\/98"}],"collection":[{"href":"https:\/\/werbegemeinschaft-schnaittach.de\/index.php?rest_route=\/wp\/v2\/pages"}],"about":[{"href":"https:\/\/werbegemeinschaft-schnaittach.de\/index.php?rest_route=\/wp\/v2\/types\/page"}],"author":[{"embeddable":true,"href":"https:\/\/werbegemeinschaft-schnaittach.de\/index.php?rest_route=\/wp\/v2\/users\/1"}],"replies":[{"embeddable":true,"href":"https:\/\/werbegemeinschaft-schnaittach.de\/index.php?rest_route=%2Fwp%2Fv2%2Fcomments&post=98"}],"version-history":[{"count":33,"href":"https:\/\/werbegemeinschaft-schnaittach.de\/index.php?rest_route=\/wp\/v2\/pages\/98\/revisions"}],"predecessor-version":[{"id":1227,"href":"https:\/\/werbegemeinschaft-schnaittach.de\/index.php?rest_route=\/wp\/v2\/pages\/98\/revisions\/1227"}],"wp:attachment":[{"href":"https:\/\/werbegemeinschaft-schnaittach.de\/index.php?rest_route=%2Fwp%2Fv2%2Fmedia&parent=98"}],"curies":[{"name":"wp","href":"https:\/\/api.w.org\/{rel}","templated":true}]}}